{"id":63,"date":"2025-11-23T15:53:45","date_gmt":"2025-11-23T15:53:45","guid":{"rendered":"https:\/\/lous-tchancayres.fr\/?page_id=63"},"modified":"2026-03-13T10:57:06","modified_gmt":"2026-03-13T09:57:06","slug":"spectacle-passes","status":"publish","type":"page","link":"https:\/\/lous-tchancayres.fr\/?page_id=63","title":{"rendered":"Retrouvez nos prestations pass\u00e9es"},"content":{"rendered":"\n<h2 class=\"wp-block-heading has-text-align-center\"><strong>Nos prestations pass\u00e9es<\/strong><\/h2>\n\n\n\n<hr class=\"wp-block-separator has-alpha-channel-opacity\"\/>\n\n\n\n<div data-wp-context=\"{ &quot;autoclose&quot;: true, &quot;accordionItems&quot;: [] }\" data-wp-interactive=\"core\/accordion\" role=\"group\" class=\"wp-block-accordion is-layout-flow wp-block-accordion-is-layout-flow\">\n<div data-wp-class--is-open=\"state.isOpen\" data-wp-context=\"{ &quot;id&quot;: &quot;accordion-item-1&quot;, &quot;openByDefault&quot;: false }\" data-wp-init=\"callbacks.initAccordionItems\" data-wp-on-window--hashchange=\"callbacks.hashChange\" class=\"wp-block-accordion-item is-layout-flow wp-block-accordion-item-is-layout-flow\">\n<h3 class=\"wp-block-accordion-heading\"><button aria-expanded=\"false\" aria-controls=\"accordion-item-1-panel\" data-wp-bind--aria-expanded=\"state.isOpen\" data-wp-on--click=\"actions.toggle\" data-wp-on--keydown=\"actions.handleKeyDown\" id=\"accordion-item-1\" class=\"wp-block-accordion-heading__toggle\"><span class=\"wp-block-accordion-heading__toggle-title\">2025<\/span><span class=\"wp-block-accordion-heading__toggle-icon\" aria-hidden=\"true\">+<\/span><\/button><\/h3>\n\n\n\n<div inert aria-labelledby=\"accordion-item-1\" data-wp-bind--inert=\"!state.isOpen\" id=\"accordion-item-1-panel\" role=\"region\" class=\"wp-block-accordion-panel is-layout-flow wp-block-accordion-panel-is-layout-flow\">\n<figure class=\"wp-block-table aligncenter is-style-stripes\" style=\"font-size:13px\"><table class=\"has-border-color has-contrast-border-color\" style=\"border-width:1px\"><tbody><tr><td class=\"has-text-align-center\" data-align=\"center\">06\/03\/2025<\/td><td class=\"has-text-align-center\" data-align=\"center\">Initiation au coll\u00e8ge<br><img loading=\"lazy\" decoding=\"async\" width=\"200\" height=\"150\" class=\"wp-image-199\" style=\"width: 200px;\" src=\"https:\/\/lous-tchancayres.fr\/wp-content\/uploads\/2026\/01\/IMG-20240623-WA00241.jpg\" alt=\"\" srcset=\"https:\/\/lous-tchancayres.fr\/wp-content\/uploads\/2026\/01\/IMG-20240623-WA00241.jpg 1600w, https:\/\/lous-tchancayres.fr\/wp-content\/uploads\/2026\/01\/IMG-20240623-WA00241-300x224.jpg 300w, https:\/\/lous-tchancayres.fr\/wp-content\/uploads\/2026\/01\/IMG-20240623-WA00241-1024x766.jpg 1024w, https:\/\/lous-tchancayres.fr\/wp-content\/uploads\/2026\/01\/IMG-20240623-WA00241-768x575.jpg 768w, https:\/\/lous-tchancayres.fr\/wp-content\/uploads\/2026\/01\/IMG-20240623-WA00241-1536x1149.jpg 1536w\" sizes=\"auto, (max-width: 200px) 100vw, 200px\" \/><\/td><td class=\"has-text-align-center\" data-align=\"center\">Eauze<\/td><\/tr><tr><td class=\"has-text-align-center\" data-align=\"center\">15\/03\/2025<\/td><td class=\"has-text-align-center\" data-align=\"center\">Cavalcade du carnaval<\/td><td class=\"has-text-align-center\" data-align=\"center\">Mont de Marsan<\/td><\/tr><tr><td class=\"has-text-align-center\" data-align=\"center\">22\/04\/2025<\/td><td class=\"has-text-align-center\" data-align=\"center\">Initiation<\/td><td class=\"has-text-align-center\" data-align=\"center\">Villeneuve de Marsan<\/td><\/tr><tr><td class=\"has-text-align-center\" data-align=\"center\">25\/04\/2025<\/td><td class=\"has-text-align-center\" data-align=\"center\">Animation au Stade Montois Rugby (haie d&rsquo;honneur, initiation et spectacle<\/td><td class=\"has-text-align-center\" data-align=\"center\">Mont de Marsan<\/td><\/tr><tr><td class=\"has-text-align-center\" data-align=\"center\">11\/05\/2025<\/td><td class=\"has-text-align-center\" data-align=\"center\">F\u00eates de Campet-et-Lamol\u00e8re (messe, haie d&rsquo;honneur et spectacle)<\/td><td class=\"has-text-align-center\" data-align=\"center\">Campet-et-Lamol\u00e8re<\/td><\/tr><tr><td class=\"has-text-align-center\" data-align=\"center\">15\/05\/2025<\/td><td class=\"has-text-align-center\" data-align=\"center\">Spectacle Auberge Landaise pour ARM40<\/td><td class=\"has-text-align-center\" data-align=\"center\">Mont de Marsan<\/td><\/tr><tr><td class=\"has-text-align-center\" data-align=\"center\">16\/05\/2025<\/td><td class=\"has-text-align-center\" data-align=\"center\">Spectacle<\/td><td class=\"has-text-align-center\" data-align=\"center\">Eug\u00e9nie les Bains<\/td><\/tr><tr><td class=\"has-text-align-center\" data-align=\"center\">18\/05\/2025<\/td><td class=\"has-text-align-center\" data-align=\"center\">F\u00eate de la fraise (D\u00e9ambulation et spectacle)<\/td><td class=\"has-text-align-center\" data-align=\"center\">Vergt<\/td><\/tr><tr><td class=\"has-text-align-center\" data-align=\"center\">14\/06\/2025<br>15\/06\/2025<\/td><td class=\"has-text-align-center\" data-align=\"center\">F\u00eate de Saint Pierre du Mont (spectacle)<\/td><td class=\"has-text-align-center\" data-align=\"center\">Saint Pierre du Mont<\/td><\/tr><tr><td class=\"has-text-align-center\" data-align=\"center\">18\/06\/2025<\/td><td class=\"has-text-align-center\" data-align=\"center\">Spectacle Centre de loisirs<\/td><td class=\"has-text-align-center\" data-align=\"center\">Grenade sur Adour<\/td><\/tr><tr><td class=\"has-text-align-center\" data-align=\"center\">21\/06\/2025<br>22\/06\/2025<\/td><td class=\"has-text-align-center\" data-align=\"center\">Festival Sestao<\/td><td class=\"has-text-align-center\" data-align=\"center\">Sestao (Espagne)<\/td><\/tr><tr><td class=\"has-text-align-center\" data-align=\"center\">06\/07\/2025<\/td><td class=\"has-text-align-center\" data-align=\"center\">F\u00eate de Flaujagues<\/td><td class=\"has-text-align-center\" data-align=\"center\">Flaujagues<\/td><\/tr><tr><td class=\"has-text-align-center\" data-align=\"center\">16\/07\/2025<\/td><td class=\"has-text-align-center\" data-align=\"center\">F\u00eates de la Madeleine (Pas\u00e9o, Cavalacade, journ\u00e9e des Pitchouns)<\/td><td class=\"has-text-align-center\" data-align=\"center\">Mont de Marsan<\/td><\/tr><tr><td class=\"has-text-align-center\" data-align=\"center\">25\/07\/2025<\/td><td class=\"has-text-align-center\" data-align=\"center\">Spectacle<\/td><td class=\"has-text-align-center\" data-align=\"center\">Eug\u00e9nie les Bains<\/td><\/tr><tr><td class=\"has-text-align-center\" data-align=\"center\">26\/07\/2025<\/td><td class=\"has-text-align-center\" data-align=\"center\">F\u00eates de Bretagne de Marsan<\/td><td class=\"has-text-align-center\" data-align=\"center\">Bretagne de Marsan<\/td><\/tr><tr><td class=\"has-text-align-center\" data-align=\"center\">01\/08\/2025 au 03\/08\/2025<\/td><td class=\"has-text-align-center\" data-align=\"center\"><a href=\"https:\/\/www.festivalsdusud.com\/\" target=\"_blank\" rel=\"noreferrer noopener\">Festival du Sud<\/a> (International)<br><a href=\"https:\/\/www.youtube.com\/watch?v=cJRMxoHyzsA\" target=\"_blank\" rel=\"noreferrer noopener\">vid\u00e9o <\/a>&#8211; <a href=\"https:\/\/lous-tchancayres.fr\/wp-content\/uploads\/2026\/01\/Presentation-France-Landes-2025-en-francais.pdf\" data-type=\"attachment\" data-id=\"226\" target=\"_blank\" rel=\"noreferrer noopener\">fiche<img decoding=\"async\" class=\"wp-image-226\" style=\"width: NaNpx;\" src=\"https:\/\/lous-tchancayres.fr\/wp-content\/uploads\/2026\/01\/Presentation-France-Landes-2025-en-francais.pdf\" alt=\"\"><\/a><\/td><td class=\"has-text-align-center\" data-align=\"center\">Jaca (Espagne)<\/td><\/tr><tr><td class=\"has-text-align-center\" data-align=\"center\">06\/08\/2025 au 08\/08\/2025<\/td><td class=\"has-text-align-center\" data-align=\"center\">F\u00eates de Challans<\/td><td class=\"has-text-align-center\" data-align=\"center\">Challans<\/td><\/tr><tr><td class=\"has-text-align-center\" data-align=\"center\">09\/08\/2025<br>10\/08\/2025<\/td><td class=\"has-text-align-center\" data-align=\"center\">F\u00eates d&rsquo;Eug\u00e9nie les bains<\/td><td class=\"has-text-align-center\" data-align=\"center\">Eug\u00e9nie les Bains<\/td><\/tr><tr><td class=\"has-text-align-center\" data-align=\"center\">22\/08\/2025<\/td><td class=\"has-text-align-center\" data-align=\"center\">F\u00eate de Rauzan<\/td><td class=\"has-text-align-center\" data-align=\"center\">Rauzan<\/td><\/tr><tr><td class=\"has-text-align-center\" data-align=\"center\">12\/08\/2025 au 14\/08\/2025<\/td><td class=\"has-text-align-center\" data-align=\"center\">Festival Urretxu<\/td><td class=\"has-text-align-center\" data-align=\"center\">Urretxu (Espagne)<\/td><\/tr><tr><td class=\"has-text-align-center\" data-align=\"center\">19\/09\/2025<\/td><td class=\"has-text-align-center\" data-align=\"center\">Spectacle<\/td><td class=\"has-text-align-center\" data-align=\"center\">Eug\u00e9nie les Bains<\/td><\/tr><tr><td class=\"has-text-align-center\" data-align=\"center\">5\/10\/2025<\/td><td class=\"has-text-align-center\" data-align=\"center\">Finale du championnat de France de course landaise (FFCL) <\/td><td class=\"has-text-align-center\" data-align=\"center\">F\u00eate de Flaujagues<\/td><\/tr><tr><td class=\"has-text-align-center\" data-align=\"center\">10\/10\/2025<\/td><td class=\"has-text-align-center\" data-align=\"center\">Transhumance<\/td><td class=\"has-text-align-center\" data-align=\"center\">Bretagne de Marsan<\/td><\/tr><tr><td class=\"has-text-align-center\" data-align=\"center\">19\/10\/2025<\/td><td class=\"has-text-align-center\" data-align=\"center\">Terroir en f\u00eate (d\u00e9ambulation et spectacle)<\/td><td class=\"has-text-align-center\" data-align=\"center\">Barbotan les thermes<\/td><\/tr><tr><td class=\"has-text-align-center\" data-align=\"center\">25\/10\/2025<\/td><td class=\"has-text-align-center\" data-align=\"center\">Trad a l&rsquo;ail (initiation et spectacle)<\/td><td class=\"has-text-align-center\" data-align=\"center\">Le Vigneau<\/td><\/tr><tr><td class=\"has-text-align-center\" data-align=\"center\">26\/10\/20250<\/td><td class=\"has-text-align-center\" data-align=\"center\">Armagnac en f\u00eate (initiation)<\/td><td class=\"has-text-align-center\" data-align=\"center\">Labastide d&rsquo;Armagnac<\/td><\/tr><tr><td class=\"has-text-align-center\" data-align=\"center\">15\/11\/2025<\/td><td class=\"has-text-align-center\" data-align=\"center\">Animation de mariage<\/td><td class=\"has-text-align-center\" data-align=\"center\">Lacquy<\/td><\/tr><tr><td class=\"has-text-align-center\" data-align=\"center\">06\/12\/2025<\/td><td class=\"has-text-align-center\" data-align=\"center\">Pi\u00e8ce de th\u00e9\u00e2tre<\/td><td class=\"has-text-align-center\" data-align=\"center\">Cazeres sur l&rsquo;amour<\/td><\/tr><tr><td class=\"has-text-align-center\" data-align=\"center\">14\/12\/2025<\/td><td class=\"has-text-align-center\" data-align=\"center\">Cavalcade de No\u00ebl<\/td><td class=\"has-text-align-center\" data-align=\"center\">Mont de Marsan<\/td><\/tr><\/tbody><\/table><\/figure>\n<\/div>\n<\/div>\n\n\n\n<div data-wp-class--is-open=\"state.isOpen\" data-wp-context=\"{ &quot;id&quot;: &quot;accordion-item-2&quot;, &quot;openByDefault&quot;: false }\" data-wp-init=\"callbacks.initAccordionItems\" data-wp-on-window--hashchange=\"callbacks.hashChange\" class=\"wp-block-accordion-item is-layout-flow wp-block-accordion-item-is-layout-flow\">\n<h3 class=\"wp-block-accordion-heading\"><button aria-expanded=\"false\" aria-controls=\"accordion-item-2-panel\" data-wp-bind--aria-expanded=\"state.isOpen\" data-wp-on--click=\"actions.toggle\" data-wp-on--keydown=\"actions.handleKeyDown\" id=\"accordion-item-2\" class=\"wp-block-accordion-heading__toggle\"><span class=\"wp-block-accordion-heading__toggle-title\">2024<\/span><span class=\"wp-block-accordion-heading__toggle-icon\" aria-hidden=\"true\">+<\/span><\/button><\/h3>\n\n\n\n<div inert aria-labelledby=\"accordion-item-2\" data-wp-bind--inert=\"!state.isOpen\" id=\"accordion-item-2-panel\" role=\"region\" class=\"wp-block-accordion-panel is-layout-flow wp-block-accordion-panel-is-layout-flow\">\n<figure class=\"wp-block-table aligncenter is-style-stripes\" style=\"font-size:13px\"><table class=\"has-border-color has-contrast-border-color\" style=\"border-width:1px\"><tbody><tr><td class=\"has-text-align-center\" data-align=\"center\">22\/09\/2024<\/td><td class=\"has-text-align-center\" data-align=\"center\">Transhumance<\/td><td class=\"has-text-align-center\" data-align=\"center\">Mont\u00e9gut<\/td><\/tr><tr><td class=\"has-text-align-center\" data-align=\"center\">23\/09\/2024<\/td><td class=\"has-text-align-center\" data-align=\"center\">Transhumance<\/td><td class=\"has-text-align-center\" data-align=\"center\">Le Fr\u00eache<\/td><\/tr><tr><td class=\"has-text-align-center\" data-align=\"center\">25\/09\/2024<\/td><td class=\"has-text-align-center\" data-align=\"center\">Transhumance<\/td><td class=\"has-text-align-center\" data-align=\"center\">Losse<\/td><\/tr><tr><td class=\"has-text-align-center\" data-align=\"center\">27\/09\/2024<\/td><td class=\"has-text-align-center\" data-align=\"center\">Elan B\u00e9arnais Basket (spectacle)<\/td><td class=\"has-text-align-center\" data-align=\"center\">Pau<\/td><\/tr><tr><td class=\"has-text-align-center\" data-align=\"center\">29\/09\/2024<\/td><td class=\"has-text-align-center\" data-align=\"center\">F\u00eate de Maurrin (spectacle)<\/td><td class=\"has-text-align-center\" data-align=\"center\">Maurrin<\/td><\/tr><tr><td class=\"has-text-align-center\" data-align=\"center\">05\/10\/2024<\/td><td class=\"has-text-align-center\" data-align=\"center\">Transhumance<\/td><td class=\"has-text-align-center\" data-align=\"center\">Blanquefort<\/td><\/tr><tr><td class=\"has-text-align-center\" data-align=\"center\">06\/10\/2024<\/td><td class=\"has-text-align-center\" data-align=\"center\">Initiation pour marche gourmande<\/td><td class=\"has-text-align-center\" data-align=\"center\">Vieille-Soubiran<\/td><\/tr><tr><td class=\"has-text-align-center\" data-align=\"center\">08\/11\/2024<\/td><td class=\"has-text-align-center\" data-align=\"center\">La Meilleur Danse Folklorique de France (France TV)<\/td><td class=\"has-text-align-center\" data-align=\"center\">Kirwiller<\/td><\/tr><tr><td class=\"has-text-align-center\" data-align=\"center\">14\/12\/2024<\/td><td class=\"has-text-align-center\" data-align=\"center\">Cavalcade de No\u00ebl<\/td><td class=\"has-text-align-center\" data-align=\"center\">Mont de Marsan<\/td><\/tr><\/tbody><\/table><\/figure>\n<\/div>\n<\/div>\n<\/div>\n","protected":false},"excerpt":{"rendered":"<p>Nos prestations pass\u00e9es<\/p>\n","protected":false},"author":1,"featured_media":0,"parent":6,"menu_order":3,"comment_status":"closed","ping_status":"closed","template":"tchancayres-pages","meta":{"_monsterinsights_skip_tracking":false,"_monsterinsights_sitenote_active":false,"_monsterinsights_sitenote_note":"","_monsterinsights_sitenote_category":0,"_EventAllDay":false,"_EventTimezone":"","_EventStartDate":"","_EventEndDate":"","_EventStartDateUTC":"","_EventEndDateUTC":"","_EventShowMap":false,"_EventShowMapLink":false,"_EventURL":"","_EventCost":"","_EventCostDescription":"","_EventCurrencySymbol":"","_EventCurrencyCode":"","_EventCurrencyPosition":"","_EventDateTimeSeparator":"","_EventTimeRangeSeparator":"","_EventOrganizerID":[],"_EventVenueID":[],"_OrganizerEmail":"","_OrganizerPhone":"","_OrganizerWebsite":"","_VenueAddress":"","_VenueCity":"","_VenueCountry":"","_VenueProvince":"","_VenueState":"","_VenueZip":"","_VenuePhone":"","_VenueURL":"","_VenueStateProvince":"","_VenueLat":"","_VenueLng":"","_VenueShowMap":false,"_VenueShowMapLink":false,"footnotes":""},"class_list":["post-63","page","type-page","status-publish","hentry"],"aioseo_notices":[],"_links":{"self":[{"href":"https:\/\/lous-tchancayres.fr\/index.php?rest_route=\/wp\/v2\/pages\/63","targetHints":{"allow":["GET"]}}],"collection":[{"href":"https:\/\/lous-tchancayres.fr\/index.php?rest_route=\/wp\/v2\/pages"}],"about":[{"href":"https:\/\/lous-tchancayres.fr\/index.php?rest_route=\/wp\/v2\/types\/page"}],"author":[{"embeddable":true,"href":"https:\/\/lous-tchancayres.fr\/index.php?rest_route=\/wp\/v2\/users\/1"}],"replies":[{"embeddable":true,"href":"https:\/\/lous-tchancayres.fr\/index.php?rest_route=%2Fwp%2Fv2%2Fcomments&post=63"}],"version-history":[{"count":17,"href":"https:\/\/lous-tchancayres.fr\/index.php?rest_route=\/wp\/v2\/pages\/63\/revisions"}],"predecessor-version":[{"id":305,"href":"https:\/\/lous-tchancayres.fr\/index.php?rest_route=\/wp\/v2\/pages\/63\/revisions\/305"}],"up":[{"embeddable":true,"href":"https:\/\/lous-tchancayres.fr\/index.php?rest_route=\/wp\/v2\/pages\/6"}],"wp:attachment":[{"href":"https:\/\/lous-tchancayres.fr\/index.php?rest_route=%2Fwp%2Fv2%2Fmedia&parent=63"}],"curies":[{"name":"wp","href":"https:\/\/api.w.org\/{rel}","templated":true}]}}